{"id":233,"date":"2021-09-01T13:12:50","date_gmt":"2021-09-01T13:12:50","guid":{"rendered":"https:\/\/www.kramek-u-carodejnic.com\/?page_id=233"},"modified":"2023-11-16T14:10:20","modified_gmt":"2023-11-16T12:10:20","slug":"kramek-u-carodejnic-je-misto-kde-naleznete-odpovedi-na-vase-otazky-muzete-se-i-sami-zasvetit-do-veci-tajemnych-a-zakoupit-potrebne-predmety","status":"publish","type":"page","link":"https:\/\/www.kramek-u-carodejnic.com\/","title":{"rendered":"Kr\u00e1mek u \u010darod\u011bjnic je m\u00edsto, kde naleznete odpov\u011bdi na va\u0161e ot\u00e1zky, m\u016f\u017eete se  i sami zasv\u011btit do v\u011bc\u00ed tajemn\u00fdch a zakoupit pot\u0159ebn\u00e9 p\u0159edm\u011bty"},"content":{"rendered":"\n<div class=\"wp-block-group alignwide\"><div class=\"wp-block-group__inner-container is-layout-flow wp-block-group-is-layout-flow\">\n<figure class=\"wp-block-pullquote has-text-align-left has-background has-background-background-color is-style-solid-color has-primary-color has-text-color\"><blockquote><p><strong>&#8222;Nen\u00ed t\u0159eba v\u0161echno ch\u00e1pat, sta\u010d\u00ed to jen p\u0159ijmout.<\/strong>&#8222;<\/p><\/blockquote><\/figure>\n\n\n\n<figure class=\"wp-block-image size-large\"><img loading=\"lazy\" decoding=\"async\" width=\"1024\" height=\"700\" src=\"https:\/\/www.kramek-u-carodejnic.com\/wp-content\/uploads\/2021\/05\/B8BCD56D-F475-410A-B6B4-46678D7BB4EC-1024x700.jpeg\" alt=\"\" class=\"wp-image-130\" srcset=\"https:\/\/www.kramek-u-carodejnic.com\/wp-content\/uploads\/2021\/05\/B8BCD56D-F475-410A-B6B4-46678D7BB4EC-1024x700.jpeg 1024w, https:\/\/www.kramek-u-carodejnic.com\/wp-content\/uploads\/2021\/05\/B8BCD56D-F475-410A-B6B4-46678D7BB4EC-300x205.jpeg 300w, https:\/\/www.kramek-u-carodejnic.com\/wp-content\/uploads\/2021\/05\/B8BCD56D-F475-410A-B6B4-46678D7BB4EC-768x525.jpeg 768w, https:\/\/www.kramek-u-carodejnic.com\/wp-content\/uploads\/2021\/05\/B8BCD56D-F475-410A-B6B4-46678D7BB4EC.jpeg 1125w\" sizes=\"auto, (max-width: 1024px) 100vw, 1024px\" \/><\/figure>\n\n\n\n<p class=\"wp-block-paragraph\">Pokud v\u00edte, jak pou\u017e\u00edt svoji s\u00edlu a energii p\u0159\u00edrody , m\u016f\u017eete m\u00edt v \u017eivot\u011b v\u0161e, co si p\u0159ejete a pro\u017e\u00edt ho v radosti, l\u00e1sce a zdrav\u00ed. <\/p>\n\n\n\n<h2 class=\"wp-block-heading has-text-align-center has-accent-color has-text-color\">&#8222;Nev\u00edte si rady? My ano!&#8220; Modern\u00ed \u010darod\u011bjka  Ilona Golovleva<\/h2>\n\n\n\n<p class=\"has-drop-cap wp-block-paragraph\">V\u011bnuji se v\u0161emu v oblasti esoteriky. P\u0159es  sezen\u00ed s v\u00fdkladem karet, numerologii, fyziognomii, chiromantii, gemologii, pr\u00e1ci s l\u00e9\u010div\u00fdmi bylinami, a\u017e po origin\u00e1ln\u00ed velmi magick\u00e9 ritu\u00e1ly, kter\u00e9 vykon\u00e1v\u00e1m v \u010cech\u00e1ch jako jedin\u00e1. <\/p>\n\n\n\n<p class=\"wp-block-paragraph\">D\u00edky spolupr\u00e1ci s marock\u00fdmi \u0161amany a \u010darod\u011bjkami p\u0159in\u00e1\u0161\u00edm k n\u00e1m do \u010cech naprosto unik\u00e1tn\u00ed a jedine\u010dn\u00e9 ritu\u00e1ly. P\u00ed\u0161i \u010dl\u00e1nky a knihy, maluji energetick\u00e9 obrazy. <\/p>\n<\/div><\/div>\n\n\n\n<div class=\"wp-block-columns alignwide is-layout-flex wp-container-core-columns-is-layout-8f761849 wp-block-columns-is-layout-flex\">\n<div class=\"wp-block-column is-layout-flow wp-block-column-is-layout-flow\">\n<div class=\"wp-block-group\"><div class=\"wp-block-group__inner-container is-layout-flow wp-block-group-is-layout-flow\">\n<figure class=\"wp-block-image alignfull size-large\"><img loading=\"lazy\" decoding=\"async\" width=\"1024\" height=\"768\" src=\"https:\/\/www.kramek-u-carodejnic.com\/wp-content\/uploads\/2021\/08\/4BBE8D01-FCEE-4A52-BEE9-4641B037A50A-1024x768.jpeg\" alt=\"\" class=\"wp-image-203\" srcset=\"https:\/\/www.kramek-u-carodejnic.com\/wp-content\/uploads\/2021\/08\/4BBE8D01-FCEE-4A52-BEE9-4641B037A50A-1024x768.jpeg 1024w, https:\/\/www.kramek-u-carodejnic.com\/wp-content\/uploads\/2021\/08\/4BBE8D01-FCEE-4A52-BEE9-4641B037A50A-300x225.jpeg 300w, https:\/\/www.kramek-u-carodejnic.com\/wp-content\/uploads\/2021\/08\/4BBE8D01-FCEE-4A52-BEE9-4641B037A50A-768x576.jpeg 768w, https:\/\/www.kramek-u-carodejnic.com\/wp-content\/uploads\/2021\/08\/4BBE8D01-FCEE-4A52-BEE9-4641B037A50A-1536x1152.jpeg 1536w, https:\/\/www.kramek-u-carodejnic.com\/wp-content\/uploads\/2021\/08\/4BBE8D01-FCEE-4A52-BEE9-4641B037A50A-1200x900.jpeg 1200w, https:\/\/www.kramek-u-carodejnic.com\/wp-content\/uploads\/2021\/08\/4BBE8D01-FCEE-4A52-BEE9-4641B037A50A-1980x1485.jpeg 1980w, https:\/\/www.kramek-u-carodejnic.com\/wp-content\/uploads\/2021\/08\/4BBE8D01-FCEE-4A52-BEE9-4641B037A50A.jpeg 2048w\" sizes=\"auto, (max-width: 1024px) 100vw, 1024px\" \/><\/figure>\n\n\n\n<h3 class=\"wp-block-heading\">Ritu\u00e1ly <\/h3>\n\n\n\n<p class=\"wp-block-paragraph\">Ka\u017ed\u00fd m\u011bs\u00edc se m\u016f\u017eete zapojit jak osobn\u011b , tak na d\u00e1lku do naprosto ojedin\u011bl\u00fdch ritu\u00e1l\u016f, kter\u00e9 se zam\u011b\u0159uj\u00ed na r\u016fzn\u00e9 oblasti va\u0161eho \u017eivota a  jsou p\u0159ipraveny v\u017edy na pravideln\u00e9 \u00fakazy, jako jsou \u00fapl\u0148ky , novolun\u00ed  nebo i v\u00fdjime\u010dn\u00e9 &#8211; zatm\u011bn\u00ed , rovnodennost &#8230; <\/p>\n\n\n\n<div class=\"wp-block-button is-style-fill\"><a class=\"wp-block-button__link wp-element-button\" href=\"https:\/\/www.kramek-u-carodejnic.com\/?page_id=156+-\" target=\"_blank\" rel=\"noreferrer noopener\">V\u00edce<\/a><\/div>\n<\/div><\/div>\n\n\n\n<div class=\"wp-block-group\"><div class=\"wp-block-group__inner-container is-layout-flow wp-block-group-is-layout-flow\">\n<figure class=\"wp-block-image size-large\"><img loading=\"lazy\" decoding=\"async\" width=\"1024\" height=\"768\" src=\"https:\/\/www.kramek-u-carodejnic.com\/wp-content\/uploads\/2021\/08\/0BDD7FD6-C8A4-484B-A53E-1AB6B86E3ED0-1024x768.jpeg\" alt=\"\" class=\"wp-image-189\" srcset=\"https:\/\/www.kramek-u-carodejnic.com\/wp-content\/uploads\/2021\/08\/0BDD7FD6-C8A4-484B-A53E-1AB6B86E3ED0-1024x768.jpeg 1024w, https:\/\/www.kramek-u-carodejnic.com\/wp-content\/uploads\/2021\/08\/0BDD7FD6-C8A4-484B-A53E-1AB6B86E3ED0-300x225.jpeg 300w, https:\/\/www.kramek-u-carodejnic.com\/wp-content\/uploads\/2021\/08\/0BDD7FD6-C8A4-484B-A53E-1AB6B86E3ED0-768x576.jpeg 768w, https:\/\/www.kramek-u-carodejnic.com\/wp-content\/uploads\/2021\/08\/0BDD7FD6-C8A4-484B-A53E-1AB6B86E3ED0-1536x1152.jpeg 1536w, https:\/\/www.kramek-u-carodejnic.com\/wp-content\/uploads\/2021\/08\/0BDD7FD6-C8A4-484B-A53E-1AB6B86E3ED0-2048x1536.jpeg 2048w, https:\/\/www.kramek-u-carodejnic.com\/wp-content\/uploads\/2021\/08\/0BDD7FD6-C8A4-484B-A53E-1AB6B86E3ED0-1200x900.jpeg 1200w, https:\/\/www.kramek-u-carodejnic.com\/wp-content\/uploads\/2021\/08\/0BDD7FD6-C8A4-484B-A53E-1AB6B86E3ED0-1980x1485.jpeg 1980w\" sizes=\"auto, (max-width: 1024px) 100vw, 1024px\" \/><\/figure>\n\n\n\n<h3 class=\"wp-block-heading\">Sezen\u00ed s v\u00fdkladem karet<\/h3>\n\n\n\n<p class=\"wp-block-paragraph\">Sezen\u00ed se skl\u00e1d\u00e1 z podrobn\u00e9ho numerologick\u00e9ho rozboru , fyziognomie a pr\u00e1ce  s tarotov\u00fdmi kartami, kter\u00e9 jsou unik\u00e1tn\u00ed t\u00edm, \u017ee poch\u00e1z\u00ed z r\u016fzn\u00fdch kout\u016f sv\u011bta a \u00fa\u017easn\u011b se mnou komunikuj\u00ed. <\/p>\n\n\n\n<div class=\"wp-block-buttons is-layout-flex wp-block-buttons-is-layout-flex\">\n<div class=\"wp-block-button\"><a class=\"wp-block-button__link wp-element-button\" href=\"https:\/\/www.kramek-u-carodejnic.com\/?page_id=170\" target=\"_blank\" rel=\"noreferrer noopener\">V\u00edce<\/a><\/div>\n<\/div>\n<\/div><\/div>\n\n\n\n<figure class=\"wp-block-image size-large\"><img loading=\"lazy\" decoding=\"async\" width=\"800\" height=\"600\" src=\"https:\/\/www.kramek-u-carodejnic.com\/wp-content\/uploads\/2021\/08\/4FFD75B1-941D-4D59-A16E-7F59CF7C0FC6.jpeg\" alt=\"\" class=\"wp-image-205\" srcset=\"https:\/\/www.kramek-u-carodejnic.com\/wp-content\/uploads\/2021\/08\/4FFD75B1-941D-4D59-A16E-7F59CF7C0FC6.jpeg 800w, https:\/\/www.kramek-u-carodejnic.com\/wp-content\/uploads\/2021\/08\/4FFD75B1-941D-4D59-A16E-7F59CF7C0FC6-300x225.jpeg 300w, https:\/\/www.kramek-u-carodejnic.com\/wp-content\/uploads\/2021\/08\/4FFD75B1-941D-4D59-A16E-7F59CF7C0FC6-768x576.jpeg 768w\" sizes=\"auto, (max-width: 800px) 100vw, 800px\" \/><\/figure>\n\n\n\n<h2 class=\"wp-block-heading\">A co V\u00e1m kr\u00e1mek aktu\u00e1ln\u011b nab\u00edz\u00ed?<\/h2>\n\n\n\n<p class=\"wp-block-paragraph\">PL\u00c1NOVAN\u00c9 AKCE <\/p>\n\n\n\n<div class=\"wp-block-buttons is-layout-flex wp-block-buttons-is-layout-flex\">\n<div class=\"wp-block-button\"><a class=\"wp-block-button__link wp-element-button\" href=\"https:\/\/www.kramek-u-carodejnic.com\/?page_id=195\" target=\"_blank\" rel=\"noreferrer noopener\">V\u00cdCE<\/a><\/div>\n<\/div>\n<\/div>\n\n\n\n<div class=\"wp-block-column is-layout-flow wp-block-column-is-layout-flow\">\n<div class=\"wp-block-group\"><div class=\"wp-block-group__inner-container is-layout-flow wp-block-group-is-layout-flow\">\n<figure class=\"wp-block-image alignfull size-large\"><img loading=\"lazy\" decoding=\"async\" width=\"1024\" height=\"767\" src=\"http:\/\/www.kramek-u-carodejnic.com\/wp-content\/uploads\/2021\/02\/C87804D6-399A-4133-9925-A7A8A14ADA46-1-1024x767.jpeg\" alt=\"\" class=\"wp-image-96\" srcset=\"https:\/\/www.kramek-u-carodejnic.com\/wp-content\/uploads\/2021\/02\/C87804D6-399A-4133-9925-A7A8A14ADA46-1-1024x767.jpeg 1024w, https:\/\/www.kramek-u-carodejnic.com\/wp-content\/uploads\/2021\/02\/C87804D6-399A-4133-9925-A7A8A14ADA46-1-300x225.jpeg 300w, https:\/\/www.kramek-u-carodejnic.com\/wp-content\/uploads\/2021\/02\/C87804D6-399A-4133-9925-A7A8A14ADA46-1-768x576.jpeg 768w, https:\/\/www.kramek-u-carodejnic.com\/wp-content\/uploads\/2021\/02\/C87804D6-399A-4133-9925-A7A8A14ADA46-1-1536x1151.jpeg 1536w, https:\/\/www.kramek-u-carodejnic.com\/wp-content\/uploads\/2021\/02\/C87804D6-399A-4133-9925-A7A8A14ADA46-1-2048x1535.jpeg 2048w, https:\/\/www.kramek-u-carodejnic.com\/wp-content\/uploads\/2021\/02\/C87804D6-399A-4133-9925-A7A8A14ADA46-1-1200x899.jpeg 1200w, https:\/\/www.kramek-u-carodejnic.com\/wp-content\/uploads\/2021\/02\/C87804D6-399A-4133-9925-A7A8A14ADA46-1-1980x1484.jpeg 1980w\" sizes=\"auto, (max-width: 1024px) 100vw, 1024px\" \/><\/figure>\n\n\n\n<h3 class=\"wp-block-heading\">Pr\u00e1ce s nerosty a o\u010dista t\u011bla<\/h3>\n\n\n\n<p class=\"wp-block-paragraph\">Nerosty jsou \u017eiv\u00e1 forma \u017eivota, stejn\u011b jako lid\u00e9, zv\u00ed\u0159ata , kv\u011btiny. Jejich vibrace, kter\u00e9 z nich vych\u00e1z\u00ed, dok\u00e1\u017e\u00ed l\u00e9\u010dit t\u011blo i ducha. P\u0159i spr\u00e1vn\u00e9m pou\u017e\u00edv\u00e1n\u00ed t\u011bch spr\u00e1vn\u00fdch nerost\u016f se s V\u00e1mi za\u010dnou d\u00edt divy. Je jen t\u0159eba v\u011bd\u011bt, jak spr\u00e1vn\u011b a kter\u00fd nerost pou\u017e\u00edt a p\u0159edev\u0161\u00edm , jak se o n\u011bj starat. V neposledn\u00ed \u0159ad\u011b je nutn\u00e9 spr\u00e1vn\u00fd nerost se siln\u00fdmi vibracemi sehnat&#8230; Co\u017e u n\u00e1s v kr\u00e1mku  se\u017eenete. Voz\u00edm si velmi siln\u00e9, neopracovan\u00e9 ale i opracovan\u00e9 nerosty z r\u016fzn\u00fdch zem\u00ed. <\/p>\n\n\n\n<div class=\"wp-block-button is-style-fill\"><a class=\"wp-block-button__link wp-element-button\" href=\"https:\/\/www.kramek-u-carodejnic.com\/?page_id=161a\/\" target=\"_blank\" rel=\"noreferrer noopener\">V\u00edce<\/a><\/div>\n<\/div><\/div>\n\n\n\n<figure class=\"wp-block-image size-large is-resized\"><img loading=\"lazy\" decoding=\"async\" width=\"768\" height=\"1024\" src=\"http:\/\/www.kramek-u-carodejnic.com\/wp-content\/uploads\/2021\/02\/C68A2FBE-A29F-44DE-B31F-583C0E1E8BC5-768x1024.jpeg\" alt=\"\" class=\"wp-image-48\" style=\"width:598px;height:797px\" srcset=\"https:\/\/www.kramek-u-carodejnic.com\/wp-content\/uploads\/2021\/02\/C68A2FBE-A29F-44DE-B31F-583C0E1E8BC5-768x1024.jpeg 768w, https:\/\/www.kramek-u-carodejnic.com\/wp-content\/uploads\/2021\/02\/C68A2FBE-A29F-44DE-B31F-583C0E1E8BC5-225x300.jpeg 225w, https:\/\/www.kramek-u-carodejnic.com\/wp-content\/uploads\/2021\/02\/C68A2FBE-A29F-44DE-B31F-583C0E1E8BC5-1152x1536.jpeg 1152w, https:\/\/www.kramek-u-carodejnic.com\/wp-content\/uploads\/2021\/02\/C68A2FBE-A29F-44DE-B31F-583C0E1E8BC5-1536x2048.jpeg 1536w, https:\/\/www.kramek-u-carodejnic.com\/wp-content\/uploads\/2021\/02\/C68A2FBE-A29F-44DE-B31F-583C0E1E8BC5-45x60.jpeg 45w, https:\/\/www.kramek-u-carodejnic.com\/wp-content\/uploads\/2021\/02\/C68A2FBE-A29F-44DE-B31F-583C0E1E8BC5-scaled.jpeg 1920w\" sizes=\"auto, (max-width: 768px) 100vw, 768px\" \/><\/figure>\n\n\n\n<h3 class=\"wp-block-heading\">Semin\u00e1\u0159e pro osobn\u00ed rozvoj<\/h3>\n\n\n\n<div class=\"wp-block-buttons is-layout-flex wp-block-buttons-is-layout-flex\">\n<div class=\"wp-block-button\"><a class=\"wp-block-button__link wp-element-button\" href=\"https:\/\/www.kramek-u-carodejnic.com\/index.php\/kramek-u-carodejnic\/seminare-pro-osobni-rozvoj\/\" target=\"_blank\" rel=\"noreferrer noopener\">V\u00cdCE<\/a><\/div>\n<\/div>\n\n\n\n<div class=\"wp-block-buttons is-layout-flex wp-block-buttons-is-layout-flex\"><\/div>\n<\/div>\n<\/div>\n","protected":false},"excerpt":{"rendered":"<p>&#8222;Nen\u00ed t\u0159eba v\u0161echno ch\u00e1pat, sta\u010d\u00ed to jen p\u0159ijmout.&#8222; Pokud v\u00edte, jak pou\u017e\u00edt svoji s\u00edlu a energii p\u0159\u00edrody , m\u016f\u017eete m\u00edt v \u017eivot\u011b v\u0161e, co si p\u0159ejete a pro\u017e\u00edt ho v radosti, l\u00e1sce a zdrav\u00ed. &#8222;Nev\u00edte si rady? My ano!&#8220; Modern\u00ed \u010darod\u011bjka Ilona Golovleva V\u011bnuji se v\u0161emu v oblasti esoteriky. P\u0159es sezen\u00ed s v\u00fdkladem karet, numerologii, [&hellip;]<\/p>\n","protected":false},"author":1,"featured_media":0,"parent":0,"menu_order":0,"comment_status":"closed","ping_status":"closed","template":"","meta":{"footnotes":""},"class_list":["post-233","page","type-page","status-publish","hentry"],"_links":{"self":[{"href":"https:\/\/www.kramek-u-carodejnic.com\/index.php\/wp-json\/wp\/v2\/pages\/233","targetHints":{"allow":["GET"]}}],"collection":[{"href":"https:\/\/www.kramek-u-carodejnic.com\/index.php\/wp-json\/wp\/v2\/pages"}],"about":[{"href":"https:\/\/www.kramek-u-carodejnic.com\/index.php\/wp-json\/wp\/v2\/types\/page"}],"author":[{"embeddable":true,"href":"https:\/\/www.kramek-u-carodejnic.com\/index.php\/wp-json\/wp\/v2\/users\/1"}],"replies":[{"embeddable":true,"href":"https:\/\/www.kramek-u-carodejnic.com\/index.php\/wp-json\/wp\/v2\/comments?post=233"}],"version-history":[{"count":11,"href":"https:\/\/www.kramek-u-carodejnic.com\/index.php\/wp-json\/wp\/v2\/pages\/233\/revisions"}],"predecessor-version":[{"id":582,"href":"https:\/\/www.kramek-u-carodejnic.com\/index.php\/wp-json\/wp\/v2\/pages\/233\/revisions\/582"}],"wp:attachment":[{"href":"https:\/\/www.kramek-u-carodejnic.com\/index.php\/wp-json\/wp\/v2\/media?parent=233"}],"curies":[{"name":"wp","href":"https:\/\/api.w.org\/{rel}","templated":true}]}}